{"id":34,"date":"2014-11-02T18:13:38","date_gmt":"2014-11-02T16:13:38","guid":{"rendered":"http:\/\/web44.wwwsrv03.t3-network.de\/?page_id=34"},"modified":"2015-10-08T19:48:19","modified_gmt":"2015-10-08T17:48:19","slug":"schulentwicklung","status":"publish","type":"page","link":"https:\/\/www.grundschule-zabeltitz.de\/?page_id=34","title":{"rendered":"Leitbild"},"content":{"rendered":"<table style=\"width: 500px;\" cellspacing=\"1\" cellpadding=\"1\">\n<tbody>\n<tr>\n<td style=\"width: 10px; text-align: center;\">\n<h3><strong>Z<\/strong><\/h3>\n<\/td>\n<td>\n<h4>ielorientiert<\/h4>\n<\/td>\n<td><\/td>\n<\/tr>\n<tr>\n<td style=\"width: 10px; text-align: center;\">\n<h3><strong>A<\/strong><\/h3>\n<\/td>\n<td>\n<h4>ktiv<\/h4>\n<\/td>\n<td><\/td>\n<\/tr>\n<tr>\n<td style=\"width: 10px; text-align: center;\">\n<h3><strong>B<\/strong><\/h3>\n<\/td>\n<td>\n<h4>ewegt<\/h4>\n<\/td>\n<td><\/td>\n<\/tr>\n<tr>\n<td style=\"width: 10px; text-align: center;\">\n<h3><strong>E<\/strong><\/h3>\n<\/td>\n<td>\n<h4>ntdeckerfreudig<\/h4>\n<\/td>\n<td><\/td>\n<\/tr>\n<tr>\n<td style=\"width: 10px; text-align: center;\">\n<h3><strong>L<\/strong><\/h3>\n<\/td>\n<td>\n<h4>eistungsf\u00f6rdernd<\/h4>\n<\/td>\n<td><\/td>\n<\/tr>\n<tr>\n<td style=\"width: 10px; text-align: center;\">\n<h3><strong>T<\/strong><\/h3>\n<\/td>\n<td>\n<h4>eamf\u00f6rdernd<\/h4>\n<\/td>\n<td><\/td>\n<\/tr>\n<tr>\n<td style=\"width: 10px; text-align: center;\">\n<h3><strong>I<\/strong><\/h3>\n<\/td>\n<td>\n<h4>ndividuell<\/h4>\n<\/td>\n<td><\/td>\n<\/tr>\n<tr>\n<td style=\"width: 10px; text-align: center;\">\n<h3><strong>T<\/strong><\/h3>\n<\/td>\n<td>\n<h4>raditionsbewusst<\/h4>\n<\/td>\n<td><\/td>\n<\/tr>\n<tr>\n<td style=\"width: 10px; text-align: center;\">\n<h3><strong>Z<\/strong><\/h3>\n<\/td>\n<td>\n<h4>ukunftsotientiert<\/h4>\n<\/td>\n<td><\/td>\n<\/tr>\n<\/tbody>\n<\/table>\n<h4><\/h4>\n<p><strong>ZIEL<\/strong><\/p>\n<ul style=\"list-style-type: circle;\">\n<li>Sicherung von Zukunftschancen f\u00fcr jeden Einzelnen durch eine solide Bildungsbasis f\u00fcr zielgerichtetes Lernen<\/li>\n<li>bestm\u00f6gliches Entwickeln der individuellen F\u00e4higkeiten, St\u00e4rken und Talente jedes Einzelnen<\/li>\n<li>Einbringen dieser St\u00e4rken in die Gemeinschaft f\u00fcr die Gemeinschaft<\/li>\n<\/ul>\n<p><strong>ANSPRUCH<\/strong><\/p>\n<ul style=\"list-style-type: circle;\">\n<li>Lehren und Lernen in f\u00f6rdernder und fordernder Wohlf\u00fchlatmosph\u00e4re<\/li>\n<li>Anerkennung jedes Einzelnen als Individuum, Zulassen der Individualit\u00e4t<\/li>\n<li>Verbindung von Individualit\u00e4t und Teamgeist<\/li>\n<\/ul>\n<p><strong>HANDELN<\/strong><\/p>\n<ul style=\"list-style-type: circle;\">\n<li>Moderne Unterrichtsmethoden und ein anspruchsvolles Bildungskonzept<\/li>\n<li>Sicherung von materiellen Voraussetzungen f\u00fcr modernes Lernen<\/li>\n<li>Mitgestaltung des Schullebens durch Sch\u00fcler in einer Schule mit Ganztagesangeboten<\/li>\n<\/ul>\n","protected":false},"excerpt":{"rendered":"<p>Z ielorientiert A ktiv B ewegt E ntdeckerfreudig L eistungsf\u00f6rdernd T eamf\u00f6rdernd I ndividuell T raditionsbewusst Z ukunftsotientiert ZIEL Sicherung von Zukunftschancen f\u00fcr jeden Einzelnen durch eine solide Bildungsbasis f\u00fcr zielgerichtetes Lernen bestm\u00f6gliches Entwickeln der individuellen F\u00e4higkeiten, St\u00e4rken und Talente jedes Einzelnen Einbringen dieser St\u00e4rken in die Gemeinschaft f\u00fcr die Gemeinschaft ANSPRUCH Lehren und Lernen [&hellip;]<\/p>\n","protected":false},"author":1,"featured_media":28,"parent":0,"menu_order":0,"comment_status":"closed","ping_status":"closed","template":"","meta":{"ngg_post_thumbnail":0,"footnotes":""},"class_list":["post-34","page","type-page","status-publish","has-post-thumbnail","hentry"],"_links":{"self":[{"href":"https:\/\/www.grundschule-zabeltitz.de\/index.php?rest_route=\/wp\/v2\/pages\/34","targetHints":{"allow":["GET"]}}],"collection":[{"href":"https:\/\/www.grundschule-zabeltitz.de\/index.php?rest_route=\/wp\/v2\/pages"}],"about":[{"href":"https:\/\/www.grundschule-zabeltitz.de\/index.php?rest_route=\/wp\/v2\/types\/page"}],"author":[{"embeddable":true,"href":"https:\/\/www.grundschule-zabeltitz.de\/index.php?rest_route=\/wp\/v2\/users\/1"}],"replies":[{"embeddable":true,"href":"https:\/\/www.grundschule-zabeltitz.de\/index.php?rest_route=%2Fwp%2Fv2%2Fcomments&post=34"}],"version-history":[{"count":23,"href":"https:\/\/www.grundschule-zabeltitz.de\/index.php?rest_route=\/wp\/v2\/pages\/34\/revisions"}],"predecessor-version":[{"id":643,"href":"https:\/\/www.grundschule-zabeltitz.de\/index.php?rest_route=\/wp\/v2\/pages\/34\/revisions\/643"}],"wp:featuredmedia":[{"embeddable":true,"href":"https:\/\/www.grundschule-zabeltitz.de\/index.php?rest_route=\/wp\/v2\/media\/28"}],"wp:attachment":[{"href":"https:\/\/www.grundschule-zabeltitz.de\/index.php?rest_route=%2Fwp%2Fv2%2Fmedia&parent=34"}],"curies":[{"name":"wp","href":"https:\/\/api.w.org\/{rel}","templated":true}]}}